{"id":1715,"date":"2023-12-14T18:32:59","date_gmt":"2023-12-14T17:32:59","guid":{"rendered":"https:\/\/www.demauriceaolivier.marketing-virtual-tools.com\/?page_id=1715"},"modified":"2025-09-08T18:47:49","modified_gmt":"2025-09-08T16:47:49","slug":"dessertweine","status":"publish","type":"page","link":"https:\/\/www.demauriceaolivier.be\/de\/vins-moelleux-desserts\/","title":{"rendered":"Dessertweine &amp; Desserts"},"content":{"rendered":"<div data-elementor-type=\"wp-page\" data-elementor-id=\"1715\" class=\"elementor elementor-1715\" data-elementor-post-type=\"page\">\n\t\t\t\t<div class=\"elementor-element elementor-element-38d1dbd0 e-flex e-con-boxed e-con e-parent\" data-id=\"38d1dbd0\" data-element_type=\"container\" data-e-type=\"container\" data-settings=\"{&quot;background_background&quot;:&quot;classic&quot;}\">\n\t\t\t\t\t<div class=\"e-con-inner\">\n\t\t<div class=\"elementor-element elementor-element-9b37b1a e-flex e-con-boxed e-con e-child\" data-id=\"9b37b1a\" data-element_type=\"container\" data-e-type=\"container\">\n\t\t\t\t\t<div class=\"e-con-inner\">\n\t\t\t\t<div class=\"elementor-element elementor-element-14660c3e elementor-widget elementor-widget-heading\" data-id=\"14660c3e\" data-element_type=\"widget\" data-e-type=\"widget\" data-widget_type=\"heading.default\">\n\t\t\t\t<div class=\"elementor-widget-container\">\n\t\t\t\t\t<h1 class=\"elementor-heading-title elementor-size-default\">S\u00fc\u00dfe Weine &amp; Dessertweine<\/h1>\t\t\t\t<\/div>\n\t\t\t\t<\/div>\n\t\t\t\t<div class=\"elementor-element elementor-element-5bf3e51 elementor-widget elementor-widget-heading\" data-id=\"5bf3e51\" data-element_type=\"widget\" data-e-type=\"widget\" data-widget_type=\"heading.default\">\n\t\t\t\t<div class=\"elementor-widget-container\">\n\t\t\t\t\t<h1 class=\"elementor-heading-title elementor-size-default\">Oliviers Keller<\/h1>\t\t\t\t<\/div>\n\t\t\t\t<\/div>\n\t\t\t\t\t<\/div>\n\t\t\t\t<\/div>\n\t\t\t\t\t<\/div>\n\t\t\t\t<\/div>\n\t\t<div class=\"elementor-element elementor-element-b74e17a animated-slow e-flex e-con-boxed elementor-invisible e-con e-parent\" data-id=\"b74e17a\" data-element_type=\"container\" data-e-type=\"container\" data-settings=\"{&quot;background_background&quot;:&quot;classic&quot;,&quot;animation&quot;:&quot;fadeIn&quot;}\">\n\t\t\t\t\t<div class=\"e-con-inner\">\n\t\t<div class=\"elementor-element elementor-element-623f7034 e-con-full e-flex e-con e-child\" data-id=\"623f7034\" data-element_type=\"container\" data-e-type=\"container\">\n\t\t\t\t<div class=\"elementor-element elementor-element-6779c8dc elementor-widget elementor-widget-image\" data-id=\"6779c8dc\" data-element_type=\"widget\" data-e-type=\"widget\" data-widget_type=\"image.default\">\n\t\t\t\t<div class=\"elementor-widget-container\">\n\t\t\t\t\t\t\t\t\t\t\t\t\t\t\t<img fetchpriority=\"high\" decoding=\"async\" width=\"800\" height=\"533\" src=\"https:\/\/www.demauriceaolivier.be\/wp-content\/uploads\/2023\/11\/de-maurice-a-olivier-low-01-155.jpg\" class=\"attachment-large size-large wp-image-226\" alt=\"\" srcset=\"https:\/\/www.demauriceaolivier.be\/wp-content\/uploads\/2023\/11\/de-maurice-a-olivier-low-01-155.jpg 800w, https:\/\/www.demauriceaolivier.be\/wp-content\/uploads\/2023\/11\/de-maurice-a-olivier-low-01-155-300x200.jpg 300w, https:\/\/www.demauriceaolivier.be\/wp-content\/uploads\/2023\/11\/de-maurice-a-olivier-low-01-155-768x512.jpg 768w\" sizes=\"(max-width: 800px) 100vw, 800px\" \/>\t\t\t\t\t\t\t\t\t\t\t\t\t\t\t<\/div>\n\t\t\t\t<\/div>\n\t\t\t\t<\/div>\n\t\t<div class=\"elementor-element elementor-element-6d4b50f9 e-con-full e-flex e-con e-child\" data-id=\"6d4b50f9\" data-element_type=\"container\" data-e-type=\"container\">\n\t\t\t\t<div class=\"elementor-element elementor-element-f8eb38f elementor-widget elementor-widget-heading\" data-id=\"f8eb38f\" data-element_type=\"widget\" data-e-type=\"widget\" data-widget_type=\"heading.default\">\n\t\t\t\t<div class=\"elementor-widget-container\">\n\t\t\t\t\t<h2 class=\"elementor-heading-title elementor-size-default\">S\u00fc\u00dfe Wei\u00dfweine &amp;<\/h2>\t\t\t\t<\/div>\n\t\t\t\t<\/div>\n\t\t\t\t<div class=\"elementor-element elementor-element-2da1201 elementor-widget elementor-widget-heading\" data-id=\"2da1201\" data-element_type=\"widget\" data-e-type=\"widget\" data-widget_type=\"heading.default\">\n\t\t\t\t<div class=\"elementor-widget-container\">\n\t\t\t\t\t<h2 class=\"elementor-heading-title elementor-size-default\">Dessertweine<\/h2>\t\t\t\t<\/div>\n\t\t\t\t<\/div>\n\t\t\t\t<div class=\"elementor-element elementor-element-50d67bcf elementor-widget elementor-widget-text-editor\" data-id=\"50d67bcf\" data-element_type=\"widget\" data-e-type=\"widget\" data-widget_type=\"text-editor.default\">\n\t\t\t\t<div class=\"elementor-widget-container\">\n\t\t\t\t\t\t\t\t\t<p>Diese Weine werden oft aus Trauben von Rebsorten wie S\u00e9millon, Sauvignon Blanc und Muscadelle hergestellt, die traditionell in dieser Region angebaut werden. Das mildere, feuchtere Klima S\u00fcdwestfrankreichs erm\u00f6glicht es den Trauben, langsam zu reifen und reichhaltige, fruchtige Geschmacks- und Aromennoten zu entwickeln. S\u00fc\u00dfe Wei\u00dfweine sind im Mund oft s\u00fc\u00df und aromatisch, mit Aromen von Fr\u00fcchten wie Apfel, Ananas oder Aprikose.<\/p>\t\t\t\t\t\t\t\t<\/div>\n\t\t\t\t<\/div>\n\t\t\t\t<\/div>\n\t\t\t\t\t<\/div>\n\t\t\t\t<\/div>\n\t\t<div class=\"elementor-element elementor-element-110cd782 e-flex e-con-boxed e-con e-parent\" data-id=\"110cd782\" data-element_type=\"container\" data-e-type=\"container\" data-settings=\"{&quot;background_background&quot;:&quot;classic&quot;}\">\n\t\t\t\t\t<div class=\"e-con-inner\">\n\t\t\t\t<div class=\"elementor-element elementor-element-42285733 animated-slow elementor-invisible elementor-widget elementor-widget-heading\" data-id=\"42285733\" data-element_type=\"widget\" data-e-type=\"widget\" data-settings=\"{&quot;_animation&quot;:&quot;slideInLeft&quot;}\" data-widget_type=\"heading.default\">\n\t\t\t\t<div class=\"elementor-widget-container\">\n\t\t\t\t\t<h2 class=\"elementor-heading-title elementor-size-default\">Milde Wei\u00dfweine<\/h2>\t\t\t\t<\/div>\n\t\t\t\t<\/div>\n\t\t\t\t<div class=\"elementor-element elementor-element-25c1bdb9 elementor-widget elementor-widget-text-editor\" data-id=\"25c1bdb9\" data-element_type=\"widget\" data-e-type=\"widget\" data-widget_type=\"text-editor.default\">\n\t\t\t\t<div class=\"elementor-widget-container\">\n\t\t\t\t\t\t\t\t\t<table><tbody><tr><td width=\"415\"><p><strong>Ch\u00e2teau d\u2019Yquem 2004 <\/strong>Sauternes, Lur-Saluces<\/p><\/td><td width=\"113\"><p>Die Flasche<\/p><\/td><td width=\"57\"><p>695\u20ac<\/p><\/td><td width=\"9\"><p>\u00a0<\/p><\/td><\/tr><tr><td width=\"415\"><p><strong>Ch\u00e2teau d\u2019Yquem 2006 <\/strong>Sauternes, Lur-Saluces<\/p><\/td><td width=\"113\"><p>Die Flasche<\/p><\/td><td width=\"57\"><p>550\u20ac<\/p><\/td><td width=\"9\"><p>\u00a0<\/p><\/td><\/tr><tr><td width=\"415\"><p><strong>Ch\u00e2teau Grillon 2010 <\/strong>Sauternes<\/p><\/td><td width=\"113\"><p>Die Flasche<\/p><\/td><td width=\"57\"><p>60 \u20ac<\/p><\/td><td width=\"9\"><p>\u00a0<\/p><\/td><\/tr><tr><td width=\"415\"><p><strong>Ch\u00e2teau de C\u00e9rons 2018 <\/strong>Gr\u00e4ber<\/p><\/td><td width=\"113\"><p>Die Flasche<\/p><\/td><td width=\"57\"><p>\u00a0 75 \u20ac<\/p><\/td><td width=\"9\"><p>\u00a0<\/p><\/td><\/tr><tr><td width=\"415\"><p><strong>Carmes de Rieussec 2018 <\/strong>Sauternes<\/p><\/td><td width=\"113\"><p>Die Flasche<\/p><\/td><td colspan=\"2\" width=\"66\"><p>70 \u20ac<\/p><\/td><\/tr><tr><td width=\"415\"><p><strong>Carmes de Rieussec 2019 <\/strong>Sauternes<\/p><\/td><td width=\"113\"><p>Die 50-cl-Flasche<\/p><\/td><td colspan=\"2\" width=\"66\"><p>35 \u20ac<\/p><\/td><\/tr><tr><td width=\"415\"><p><strong>Ch\u00e2teau Sichel 2012 <\/strong>Sauternes<\/p><\/td><td width=\"113\"><p>Die 50-cl-Flasche<\/p><\/td><td colspan=\"2\" width=\"66\"><p>45\u20ac<\/p><\/td><\/tr><tr><td width=\"415\"><p><strong>Sablettes 2016 <\/strong>Sauternes<\/p><\/td><td width=\"113\"><p>Die Flasche<\/p><\/td><td colspan=\"2\" width=\"66\"><p>50 \u20ac<\/p><\/td><\/tr><\/tbody><\/table>\t\t\t\t\t\t\t\t<\/div>\n\t\t\t\t<\/div>\n\t\t\t\t\t<\/div>\n\t\t\t\t<\/div>\n\t\t<div class=\"elementor-element elementor-element-4bce56a8 e-flex e-con-boxed e-con e-parent\" data-id=\"4bce56a8\" data-element_type=\"container\" data-e-type=\"container\" data-settings=\"{&quot;background_background&quot;:&quot;classic&quot;}\">\n\t\t\t\t\t<div class=\"e-con-inner\">\n\t\t\t\t<div class=\"elementor-element elementor-element-1dc608d5 animated-slow elementor-invisible elementor-widget elementor-widget-heading\" data-id=\"1dc608d5\" data-element_type=\"widget\" data-e-type=\"widget\" data-settings=\"{&quot;_animation&quot;:&quot;slideInLeft&quot;}\" data-widget_type=\"heading.default\">\n\t\t\t\t<div class=\"elementor-widget-container\">\n\t\t\t\t\t<h2 class=\"elementor-heading-title elementor-size-default\">Dessertweine<\/h2>\t\t\t\t<\/div>\n\t\t\t\t<\/div>\n\t\t\t\t<div class=\"elementor-element elementor-element-36314ce2 elementor-widget elementor-widget-text-editor\" data-id=\"36314ce2\" data-element_type=\"widget\" data-e-type=\"widget\" data-widget_type=\"text-editor.default\">\n\t\t\t\t<div class=\"elementor-widget-container\">\n\t\t\t\t\t\t\t\t\t<p>\u00a0<\/p><table><tbody><tr><td width=\"415\"><p><strong>Muscat de Rivesaltes 2023 <\/strong>Domaine Boudau<\/p><\/td><td width=\"113\"><p>Die Flasche<\/p><\/td><td width=\"57\"><p>40 \u20ac<\/p><\/td><\/tr><tr><td width=\"415\"><p><strong>Rivesaltes sur grains 2022 <\/strong>Domaine Boudau Grenat<\/p><\/td><td width=\"113\"><p>Die Flasche<\/p><\/td><td width=\"57\"><p>40 \u20ac<\/p><\/td><\/tr><tr><td width=\"415\"><p><strong>Pacherenc du Vic bilh La folie du roi 2020<\/strong><\/p><\/td><td width=\"113\"><p>Die Flasche<\/p><\/td><td width=\"57\"><p>35 \u20ac<\/p><\/td><\/tr><tr><td width=\"415\"><p><strong>Banyuls L\u00e9on Parc\u00e9 2022,<\/strong> Das Rektorat<\/p><\/td><td width=\"113\"><p>Die Flasche 50cl<\/p><\/td><td width=\"57\"><p>60 \u20ac<\/p><\/td><\/tr><tr><td width=\"415\"><p><strong>Maury Jahrgang 2020 <\/strong>Mas Amiel<\/p><\/td><td width=\"113\"><p>Die Flasche<\/p><\/td><td width=\"57\"><p>60 \u20ac<\/p><\/td><\/tr><tr><td width=\"415\"><p><strong>Kommende Centernach 2009\u00a0 <\/strong>Lik\u00f6rwein, auf dem Korn vergoren<\/p><\/td><td width=\"113\"><p>Die Flasche<\/p><\/td><td width=\"57\"><p>40 \u20ac<\/p><\/td><\/tr><\/tbody><\/table>\t\t\t\t\t\t\t\t<\/div>\n\t\t\t\t<\/div>\n\t\t\t\t\t<\/div>\n\t\t\t\t<\/div>\n\t\t\t\t<\/div>","protected":false},"excerpt":{"rendered":"<p>Les Vins Moelleux &amp; Les Vins de Desserts La cave d&rsquo;Olivier Les vins blancs moelleux &amp; Les vins de desserts Ces vins sont souvent r\u00e9alis\u00e9s \u00e0 partir de raisins issus de c\u00e9pages tels que le S\u00e9millon, le Sauvignon Blanc et la Muscadelle, qui sont traditionnellement cultiv\u00e9s dans cette r\u00e9gion. Le climat plus doux et humide [&hellip;]<\/p>\n","protected":false},"author":1,"featured_media":0,"parent":0,"menu_order":0,"comment_status":"closed","ping_status":"closed","template":"elementor_header_footer","meta":{"footnotes":""},"class_list":["post-1715","page","type-page","status-publish","hentry"],"_links":{"self":[{"href":"https:\/\/www.demauriceaolivier.be\/de\/wp-json\/wp\/v2\/pages\/1715","targetHints":{"allow":["GET"]}}],"collection":[{"href":"https:\/\/www.demauriceaolivier.be\/de\/wp-json\/wp\/v2\/pages"}],"about":[{"href":"https:\/\/www.demauriceaolivier.be\/de\/wp-json\/wp\/v2\/types\/page"}],"author":[{"embeddable":true,"href":"https:\/\/www.demauriceaolivier.be\/de\/wp-json\/wp\/v2\/users\/1"}],"replies":[{"embeddable":true,"href":"https:\/\/www.demauriceaolivier.be\/de\/wp-json\/wp\/v2\/comments?post=1715"}],"version-history":[{"count":14,"href":"https:\/\/www.demauriceaolivier.be\/de\/wp-json\/wp\/v2\/pages\/1715\/revisions"}],"predecessor-version":[{"id":2943,"href":"https:\/\/www.demauriceaolivier.be\/de\/wp-json\/wp\/v2\/pages\/1715\/revisions\/2943"}],"wp:attachment":[{"href":"https:\/\/www.demauriceaolivier.be\/de\/wp-json\/wp\/v2\/media?parent=1715"}],"curies":[{"name":"wp","href":"https:\/\/api.w.org\/{rel}","templated":true}]}}